{"id":437,"date":"2019-05-16T08:32:32","date_gmt":"2019-05-16T08:32:32","guid":{"rendered":"https:\/\/pixxen.de\/?page_id=437"},"modified":"2020-10-13T09:06:05","modified_gmt":"2020-10-13T09:06:05","slug":"ostfriesische-landschaft","status":"publish","type":"page","link":"https:\/\/pixxen.de\/index.php\/ostfriesische-landschaft\/","title":{"rendered":"Ostfriesische Landschaft"},"content":{"rendered":"\n<p>Pixxen wurde 2019 bis 2020 gef\u00f6rdert durch die Ostfriesische Landschaft.<\/p>\n\n\n\n<div class=\"wp-block-image\"><figure class=\"aligncenter is-resized\"><img loading=\"lazy\" src=\"https:\/\/pixxen.de\/wp-content\/uploads\/2019\/05\/ol-logo-2014.jpg\" alt=\"\" class=\"wp-image-438\" width=\"272\" height=\"77\"\/><\/figure><\/div>\n\n\n\n<p>Weiteres \u00fcber die <a href=\"https:\/\/www.ostfriesischelandschaft.de\/index.php\">Ostfriesische Landschaft<\/a> und ihre <a href=\"https:\/\/www.ostfriesischelandschaft.de\/416.html\">Geschichte<\/a> erf\u00e4hrst du <a href=\"https:\/\/www.ostfriesischelandschaft.de\/94.html\">hier<\/a>.<\/p>\n\n\n\n<p>Untenstehend ein Auszug aus dem Leitbild der Ostfriesischen Landschaft:<\/p>\n\n\n\n<blockquote class=\"wp-block-quote\"><p>Die Ostfriesische Landschaft ist eine demokratisch-parlamentarisch verfasste K\u00f6rperschaft des \u00f6ffentlichen Rechts. Wir nehmen f\u00fcr die Landkreise Aurich, Leer, Wittmund und die kreisfreie Stadt Emden kommunale sowie f\u00fcr das Land Niedersachsen dezentrale staatliche Aufgaben wahr. Die Ostfriesische Landschaft vertritt dabei die gesamte Bev\u00f6lkerung Ostfrieslands.<br>[&#8230;]<br>Wir sind eine moderne gemeinn\u00fctzige Dienstleistungseinrichtung mit vielf\u00e4ltigen T\u00e4tigkeitsbereichen in den Aufgabenfeldern Kultur, Wissenschaft und Bildung. Wir forschen, gestalten, vernetzen, beraten, initiieren und bieten ein Forum des Austauschs. Die Vielfalt ist unsere St\u00e4rke.<br>&nbsp;<br>Wir haben einen hohen Anspruch in Bezug auf die Qualit\u00e4t unserer wissenschaftlichen Arbeit, unserer Veranstaltungen und Angebote. Dabei sind wir regional verankert, \u00fcberregional vernetzt, mehrsprachig und f\u00f6rdern die niederdeutsche Regionalsprache. Wir arbeiten serviceorientiert und grenz\u00fcberschreitend. <\/p><cite>Leitbild Ostfriesische Landschaft, 2019<\/cite><\/blockquote>\n","protected":false},"excerpt":{"rendered":"<p>Pixxen wurde 2019 bis 2020 gef\u00f6rdert durch die Ostfriesische Landschaft. Weiteres \u00fcber die Ostfriesische Landschaft und ihre Geschichte erf\u00e4hrst du hier. Untenstehend ein Auszug aus dem Leitbild der Ostfriesischen Landschaft: Die Ostfriesische Landschaft ist eine demokratisch-parlamentarisch verfasste K\u00f6rperschaft des \u00f6ffentlichen Rechts. Wir nehmen f\u00fcr die Landkreise Aurich, Leer, Wittmund und die kreisfreie Stadt Emden kommunale &hellip; <\/p>\n<p class=\"link-more\"><a href=\"https:\/\/pixxen.de\/index.php\/ostfriesische-landschaft\/\" class=\"more-link\"><span class=\"screen-reader-text\">\u201eOstfriesische Landschaft\u201c<\/span> weiterlesen<\/a><\/p>\n","protected":false},"author":2,"featured_media":0,"parent":0,"menu_order":0,"comment_status":"closed","ping_status":"closed","template":"","meta":[],"_links":{"self":[{"href":"https:\/\/pixxen.de\/index.php\/wp-json\/wp\/v2\/pages\/437"}],"collection":[{"href":"https:\/\/pixxen.de\/index.php\/wp-json\/wp\/v2\/pages"}],"about":[{"href":"https:\/\/pixxen.de\/index.php\/wp-json\/wp\/v2\/types\/page"}],"author":[{"embeddable":true,"href":"https:\/\/pixxen.de\/index.php\/wp-json\/wp\/v2\/users\/2"}],"replies":[{"embeddable":true,"href":"https:\/\/pixxen.de\/index.php\/wp-json\/wp\/v2\/comments?post=437"}],"version-history":[{"count":3,"href":"https:\/\/pixxen.de\/index.php\/wp-json\/wp\/v2\/pages\/437\/revisions"}],"predecessor-version":[{"id":5893,"href":"https:\/\/pixxen.de\/index.php\/wp-json\/wp\/v2\/pages\/437\/revisions\/5893"}],"wp:attachment":[{"href":"https:\/\/pixxen.de\/index.php\/wp-json\/wp\/v2\/media?parent=437"}],"curies":[{"name":"wp","href":"https:\/\/api.w.org\/{rel}","templated":true}]}}